{"id":1610,"date":"2019-07-10T09:35:35","date_gmt":"2019-07-10T07:35:35","guid":{"rendered":"https:\/\/southbaltic-tourist.eu\/?page_id=1610"},"modified":"2021-07-02T12:41:50","modified_gmt":"2021-07-02T11:41:50","slug":"2-little-lithuania","status":"publish","type":"page","link":"https:\/\/sbt.ug.edu.pl\/pl\/routes\/blue-and-green-believes-and-religions-of-the-south-baltic-area\/2-little-lithuania\/","title":{"rendered":"2. MA\u0141A LITWA"},"content":{"rendered":"<p><\/p>\n<p style=\"text-align: justify;\"><strong>LOKALIZACJA<\/strong><\/p>\n<p style=\"text-align: justify;\">Litwa Mniejsza (Litwa Pruska) to po\u0142udniowo-zachodnia cz\u0119\u015b\u0107 Litwy, podbita przez Krzy\u017cak\u00f3w, stanowi\u0105ca cz\u0119\u015b\u0107 historycznych Prus. Wsp\u00f3\u0142cze\u015bnie obszar ten znajduje si\u0119 na terytoriach Obwodu Kaliningradzkiego i Litwy. To tereny dobrze rozwini\u0119te pod wzgl\u0119dem turystycznym. Mimo ponad 600-letniej tradycji chrze\u015bcija\u0144skich na obszarze Ma\u0142ej Litwy nadal dostrzec mo\u017cna pozosta\u0142o\u015bci po wcze\u015bniejszych wizjach \u015bwiata zwi\u0105zanych z wiar\u0105 w si\u0142y nadprzyrodzone. G\u0142\u00f3wnym miastem regionu jest K\u0142ajpeda, b\u0119d\u0105ca portem z po\u0142\u0105czeniami promowymi do szwedzkiego Karlshamn. Wsp\u00f3\u0142rz\u0119dne geograficzne K\u0142ajpedy: 55\u00b042\u2032N 21\u00b008\u2032E. Dost\u0119pne jest r\u00f3wnie\u017c lotnisko w Palandze.<\/p>\n<p><img decoding=\"async\" loading=\"lazy\" class=\"alignleft wp-image-1611\" src=\"https:\/\/southbaltic-tourist.eu\/wp-content\/uploads\/2019\/07\/foto-2-1.jpg\" alt=\"\" width=\"610\" height=\"400\" srcset=\"https:\/\/sbt.ug.edu.pl\/wp-content\/uploads\/2019\/07\/foto-2-1.jpg 709w, https:\/\/sbt.ug.edu.pl\/wp-content\/uploads\/2019\/07\/foto-2-1-300x197.jpg 300w, https:\/\/sbt.ug.edu.pl\/wp-content\/uploads\/2019\/07\/foto-2-1-150x98.jpg 150w\" sizes=\"(max-width: 610px) 100vw, 610px\" \/><\/p>\n<p>&nbsp;<\/p>\n<p>&nbsp;<\/p>\n<p>&nbsp;<\/p>\n<p>&nbsp;<\/p>\n<p>&nbsp;<\/p>\n<p>&nbsp;<\/p>\n<p>&nbsp;<\/p>\n<p>&nbsp;<\/p>\n<p>&nbsp;<\/p>\n<p>&nbsp;<\/p>\n<p>&nbsp;<\/p>\n<p><a href=\"https:\/\/southbaltic-tourist.eu\/wp-content\/uploads\/2020\/02\/R4.2-Little-Lithuania.png\" data-rel=\"lightbox-gallery-1R5JWNVl\" data-rl_title=\"\" data-rl_caption=\"\" title=\"\"><img decoding=\"async\" loading=\"lazy\" class=\"alignnone wp-image-5218\" src=\"https:\/\/southbaltic-tourist.eu\/wp-content\/uploads\/2020\/02\/R4.2-Little-Lithuania-300x256.png\" alt=\"\" width=\"469\" height=\"400\" srcset=\"https:\/\/sbt.ug.edu.pl\/wp-content\/uploads\/2020\/02\/R4.2-Little-Lithuania-300x256.png 300w, https:\/\/sbt.ug.edu.pl\/wp-content\/uploads\/2020\/02\/R4.2-Little-Lithuania-1024x874.png 1024w, https:\/\/sbt.ug.edu.pl\/wp-content\/uploads\/2020\/02\/R4.2-Little-Lithuania-768x655.png 768w, https:\/\/sbt.ug.edu.pl\/wp-content\/uploads\/2020\/02\/R4.2-Little-Lithuania-1536x1310.png 1536w, https:\/\/sbt.ug.edu.pl\/wp-content\/uploads\/2020\/02\/R4.2-Little-Lithuania-150x128.png 150w, https:\/\/sbt.ug.edu.pl\/wp-content\/uploads\/2020\/02\/R4.2-Little-Lithuania.png 1600w\" sizes=\"(max-width: 469px) 100vw, 469px\" \/><\/a><\/p>\n<p style=\"text-align: justify;\"><strong>ZWIEDZANIE<\/strong><\/p>\n<p style=\"text-align: justify;\">Tereny po\u0142o\u017cone wzd\u0142u\u017c wybrze\u017ca s\u0105 po\u0142\u0105czone dobrej jako\u015bci drogami asfaltowymi. Do Mierzei Kuro\u0144skiej mo\u017cna dotrze\u0107 jedynie p\u0142atnymi promami z K\u0142ajpedy. Po skorzystaniu z promu, nale\u017cy skierowa\u0107 si\u0119 autem b\u0105d\u017a lokalnym autobusem do oddalonej o 50 km Nidy oraz okolicznych wiosek. Nida i osady tworz\u0105ce miasto Nerynga znajduj\u0105 si\u0119 na terenie Parku Narodowego Mierzei Kuro\u0144skiej, dlatego wymagane jest uiszczenie op\u0142aty za wst\u0119p na terytoria parku. W K\u0142ajpedzie znajduj\u0105 si\u0119 dost\u0119pne przez ca\u0142y rok p\u0142atne parkingi, a w sezonie skorzysta\u0107 mo\u017cna r\u00f3wnie\u017c z parking\u00f3w w Nidzie. Lokalne ko\u015bcio\u0142y zazwyczaj dost\u0119pne s\u0105 w godzinach od 9:00 do 17:00. W przypadku ch\u0119ci odwiedzenia Wzg\u00f3rza Czarownic w Juodkrant\u0117 oraz Wydm Parnidis w Nidzie nale\u017cy si\u0119 nastawi\u0107 na d\u0142u\u017cszy spacer. Zwiedzanie warto podzieli\u0107 na dwa dni \u2013 pierwszy dzie\u0144 sp\u0119dzi\u0107 na Mierzei Kuro\u0144skiej, a drugi przeznaczy\u0107 na K\u0142ajped\u0119.<\/p>\n<p style=\"text-align: justify;\"><strong>ATRAKCJE<\/strong><\/p>\n<p style=\"text-align: justify;\">Mierzeja Kuro\u0144ska to kr\u00f3lestwo przyrody z przytulnymi, letnimi kurortami nad Zalewem Kuro\u0144skim. B\u0119d\u0105c w Juodkrant\u0117 koniecznie nale\u017cy wspi\u0105\u0107 si\u0119 na Wzg\u00f3rze Czarownic (Raganu Kalnas). To tutaj w 1979 r. powsta\u0142 park rze\u017ab inspirowany litewskimi wierzeniami. Kieruj\u0105c si\u0119 w stron\u0119 Nidy warto tak\u017ce wybra\u0107 si\u0119 na spacer po szczytach unikalnych Szarych Wydm (ok. 2 godz.). Nida to znany kurort, w kt\u00f3rym znajduje si\u0119 nowoczesny ko\u015bci\u00f3\u0142 katolicki, a tak\u017ce neogotycki ko\u015bci\u00f3\u0142 ewangelicki oraz cmentarz z XIX-wiecznymi drewnianymi grobami. Na Wydmach Parnidis z kolei odnale\u017a\u0107 mo\u017cna unikalny astronomiczny zegar. Warta uwagi jest r\u00f3wnie\u017c K\u0142ajpeda, kt\u00f3ra w 1945 r. zosta\u0142a zniszczona niemal w 80%. Jednym z interesuj\u0105cych miejsc w mie\u015bcie jest zrekonstruowany po wojnie Ko\u015bci\u00f3\u0142 Naj\u015bwi\u0119tszej Maryi Panny Kr\u00f3lowej Pokoju.<\/p>\n<p style=\"text-align: justify;\"><strong><code><div class=\"rl-gallery-container rl-loading\" id=\"rl-gallery-container-2\" data-gallery_id=\"4579\"> <div class=\"rl-gallery rl-basicgrid-gallery \" id=\"rl-gallery-2\" data-gallery_no=\"2\"> <div class=\"rl-gallery-item\"><a href=\"https:\/\/sbt.ug.edu.pl\/wp-content\/uploads\/2019\/08\/Joudkrante_P1200681.jpg\" title=\"The path to the Witches&#039; Hill; author: Jaros\u0142aw Ellwart \/ Wydawnictwo REGION \/ BHR\" data-rl_title=\"The path to the Witches&#039; Hill; author: Jaros\u0142aw Ellwart \/ Wydawnictwo REGION \/ BHR\" class=\"rl-gallery-link\" data-rl_caption=\"\" data-rel=\"lightbox-gallery-2\"><img src=\"https:\/\/sbt.ug.edu.pl\/wp-content\/uploads\/2019\/08\/Joudkrante_P1200681-768x1024.jpg\" width=\"640\" height=\"853\" alt=\"\" \/><\/a><\/div><div class=\"rl-gallery-item\"><a href=\"https:\/\/sbt.ug.edu.pl\/wp-content\/uploads\/2019\/08\/Joudkrante_P1200728.jpg\" title=\"Lucifer and the Gate of Hell; author: Jaros\u0142aw Ellwart \/ Wydawnictwo REGION \/ BHR\" data-rl_title=\"Lucifer and the Gate of Hell; author: Jaros\u0142aw Ellwart \/ Wydawnictwo REGION \/ BHR\" class=\"rl-gallery-link\" data-rl_caption=\"\" data-rel=\"lightbox-gallery-2\"><img src=\"https:\/\/sbt.ug.edu.pl\/wp-content\/uploads\/2019\/08\/Joudkrante_P1200728-768x1024.jpg\" width=\"640\" height=\"853\" alt=\"\" \/><\/a><\/div><div class=\"rl-gallery-item\"><a href=\"https:\/\/sbt.ug.edu.pl\/wp-content\/uploads\/2019\/08\/Klaipeda_P1630554.jpg\" title=\"Here in the past stood the church of St. John; author: Jaros\u0142aw Ellwart \/ Wydawnictwo REGION \/ BHR\" data-rl_title=\"Here in the past stood the church of St. John; author: Jaros\u0142aw Ellwart \/ Wydawnictwo REGION \/ BHR\" class=\"rl-gallery-link\" data-rl_caption=\"\" data-rel=\"lightbox-gallery-2\"><img src=\"https:\/\/sbt.ug.edu.pl\/wp-content\/uploads\/2019\/08\/Klaipeda_P1630554-768x576.jpg\" width=\"640\" height=\"480\" alt=\"\" \/><\/a><\/div><div class=\"rl-gallery-item\"><a href=\"https:\/\/sbt.ug.edu.pl\/wp-content\/uploads\/2019\/08\/Klaipeda_P1630725.jpg\" title=\"Church of Mary Queen of Peace; author: Jaros\u0142aw Ellwart \/ Wydawnictwo REGION \/ BHR\" data-rl_title=\"Church of Mary Queen of Peace; author: Jaros\u0142aw Ellwart \/ Wydawnictwo REGION \/ BHR\" class=\"rl-gallery-link\" data-rl_caption=\"\" data-rel=\"lightbox-gallery-2\"><img src=\"https:\/\/sbt.ug.edu.pl\/wp-content\/uploads\/2019\/08\/Klaipeda_P1630725-768x1024.jpg\" width=\"640\" height=\"853\" alt=\"\" \/><\/a><\/div><div class=\"rl-gallery-item\"><a href=\"https:\/\/sbt.ug.edu.pl\/wp-content\/uploads\/2019\/08\/Klaipeda_P1630742.jpg\" title=\"Polychromy in the church of St. Mary; author: Jaros\u0142aw Ellwart \/ Wydawnictwo REGION \/ BHR\" data-rl_title=\"Polychromy in the church of St. Mary; author: Jaros\u0142aw Ellwart \/ Wydawnictwo REGION \/ BHR\" class=\"rl-gallery-link\" data-rl_caption=\"\" data-rel=\"lightbox-gallery-2\"><img src=\"https:\/\/sbt.ug.edu.pl\/wp-content\/uploads\/2019\/08\/Klaipeda_P1630742-768x1024.jpg\" width=\"640\" height=\"853\" alt=\"\" \/><\/a><\/div><div class=\"rl-gallery-item\"><a href=\"https:\/\/sbt.ug.edu.pl\/wp-content\/uploads\/2019\/08\/Nida_P1200999.jpg\" title=\"Clock - solar calendar on the dune Parnidis; author: Jaros\u0142aw Ellwart \/ Wydawnictwo REGION \/ BHR\" data-rl_title=\"Clock - solar calendar on the dune Parnidis; author: Jaros\u0142aw Ellwart \/ Wydawnictwo REGION \/ BHR\" class=\"rl-gallery-link\" data-rl_caption=\"\" data-rel=\"lightbox-gallery-2\"><img src=\"https:\/\/sbt.ug.edu.pl\/wp-content\/uploads\/2019\/08\/Nida_P1200999-768x576.jpg\" width=\"640\" height=\"480\" alt=\"\" \/><\/a><\/div><div class=\"rl-gallery-item\"><a href=\"https:\/\/sbt.ug.edu.pl\/wp-content\/uploads\/2019\/08\/Nida_P1210046.jpg\" title=\"The interior of the Catholic church in Nida; author: Jaros\u0142aw Ellwart \/ Wydawnictwo REGION \/ BHR\" data-rl_title=\"The interior of the Catholic church in Nida; author: Jaros\u0142aw Ellwart \/ Wydawnictwo REGION \/ BHR\" class=\"rl-gallery-link\" data-rl_caption=\"\" data-rel=\"lightbox-gallery-2\"><img src=\"https:\/\/sbt.ug.edu.pl\/wp-content\/uploads\/2019\/08\/Nida_P1210046-768x576.jpg\" width=\"640\" height=\"480\" alt=\"\" \/><\/a><\/div><div class=\"rl-gallery-item\"><a href=\"https:\/\/sbt.ug.edu.pl\/wp-content\/uploads\/2019\/08\/Nida_P1210190.jpg\" title=\"Old cemetery in Nida; author: Jaros\u0142aw Ellwart \/ Wydawnictwo REGION \/ BHR\" data-rl_title=\"Old cemetery in Nida; author: Jaros\u0142aw Ellwart \/ Wydawnictwo REGION \/ BHR\" class=\"rl-gallery-link\" data-rl_caption=\"\" data-rel=\"lightbox-gallery-2\"><img src=\"https:\/\/sbt.ug.edu.pl\/wp-content\/uploads\/2019\/08\/Nida_P1210190-768x576.jpg\" width=\"640\" height=\"480\" alt=\"\" \/><\/a><\/div> <\/div> <\/div><\/code><\/strong><\/p>\n<p><\/p>","protected":false},"excerpt":{"rendered":"<p>LOKALIZACJA Litwa Mniejsza (Litwa Pruska) to po\u0142udniowo-zachodnia cz\u0119\u015b\u0107 Litwy, podbita przez Krzy\u017cak\u00f3w, stanowi\u0105ca cz\u0119\u015b\u0107 historycznych Prus. Wsp\u00f3\u0142cze\u015bnie obszar ten znajduje si\u0119 na terytoriach Obwodu Kaliningradzkiego i Litwy. To tereny dobrze rozwini\u0119te pod wzgl\u0119dem turystycznym. Mimo ponad 600-letniej tradycji chrze\u015bcija\u0144skich na obszarze Ma\u0142ej Litwy nadal dostrzec mo\u017cna pozosta\u0142o\u015bci po wcze\u015bniejszych wizjach \u015bwiata zwi\u0105zanych z wiar\u0105 w [&hellip;]<\/p>\n","protected":false},"author":3,"featured_media":0,"parent":482,"menu_order":0,"comment_status":"closed","ping_status":"closed","template":"","meta":[],"categories":[34,27,15],"tags":[],"_links":{"self":[{"href":"https:\/\/sbt.ug.edu.pl\/pl\/wp-json\/wp\/v2\/pages\/1610"}],"collection":[{"href":"https:\/\/sbt.ug.edu.pl\/pl\/wp-json\/wp\/v2\/pages"}],"about":[{"href":"https:\/\/sbt.ug.edu.pl\/pl\/wp-json\/wp\/v2\/types\/page"}],"author":[{"embeddable":true,"href":"https:\/\/sbt.ug.edu.pl\/pl\/wp-json\/wp\/v2\/users\/3"}],"replies":[{"embeddable":true,"href":"https:\/\/sbt.ug.edu.pl\/pl\/wp-json\/wp\/v2\/comments?post=1610"}],"version-history":[{"count":6,"href":"https:\/\/sbt.ug.edu.pl\/pl\/wp-json\/wp\/v2\/pages\/1610\/revisions"}],"predecessor-version":[{"id":5872,"href":"https:\/\/sbt.ug.edu.pl\/pl\/wp-json\/wp\/v2\/pages\/1610\/revisions\/5872"}],"up":[{"embeddable":true,"href":"https:\/\/sbt.ug.edu.pl\/pl\/wp-json\/wp\/v2\/pages\/482"}],"wp:attachment":[{"href":"https:\/\/sbt.ug.edu.pl\/pl\/wp-json\/wp\/v2\/media?parent=1610"}],"wp:term":[{"taxonomy":"category","embeddable":true,"href":"https:\/\/sbt.ug.edu.pl\/pl\/wp-json\/wp\/v2\/categories?post=1610"},{"taxonomy":"post_tag","embeddable":true,"href":"https:\/\/sbt.ug.edu.pl\/pl\/wp-json\/wp\/v2\/tags?post=1610"}],"curies":[{"name":"wp","href":"https:\/\/api.w.org\/{rel}","templated":true}]}}