{"id":1636,"date":"2019-07-10T10:01:30","date_gmt":"2019-07-10T08:01:30","guid":{"rendered":"https:\/\/southbaltic-tourist.eu\/?page_id=1636"},"modified":"2021-07-02T12:46:51","modified_gmt":"2021-07-02T11:46:51","slug":"5-saint-warmia","status":"publish","type":"page","link":"https:\/\/sbt.ug.edu.pl\/pl\/routes\/blue-and-green-believes-and-religions-of-the-south-baltic-area\/5-saint-warmia\/","title":{"rendered":"5. \u015aWI\u0118TA WARMIA"},"content":{"rendered":"<p><\/p>\n<p style=\"text-align: justify;\"><strong>LOKALIZACJA<\/strong><\/p>\n<p style=\"text-align: justify;\">\u015awi\u0119t\u0105 Warmi\u0105 nazywano niegdy\u015b obszar przylegaj\u0105cy od po\u0142udnia do Zalewu Wi\u015blanego, a wsp\u00f3\u0142cze\u015bnie nosz\u0105cy miano Dolnego Powi\u015bla. Tereny te nale\u017ca\u0142y do biskup\u00f3w warmi\u0144skich, nast\u0119pnie w XIII wieku zosta\u0142y podbite i skolonizowane przez Zakon Krzy\u017cacki, a po reformacji podzielone na katolick\u0105 Warmi\u0119 i ewangelicki Elbl\u0105g. Podczas II wojny \u015bwiatowej w regionie dokonano wielu zniszcze\u0144, kt\u00f3re pomimo podj\u0119tych rekonstrukcji s\u0105 nadal widoczne mi\u0119dzy innymi w Braniewie i Elbl\u0105gu. Per\u0142\u0105 turystyczn\u0105 \u015awi\u0119tej Warmii jest Frombork wraz z unikatowym zespo\u0142em katedralnym. Z kolei g\u0142\u00f3wne miasto regionu to Elbl\u0105g, z kt\u00f3rego latem pop\u0142yn\u0105\u0107 mo\u017cna promem do Fromborka. Po\u0142o\u017cenie geograficzne Elbl\u0105ga: 54\u00b009\u2032N 19\u00b024\u2032E.<\/p>\n<p><img decoding=\"async\" loading=\"lazy\" class=\"alignleft wp-image-1638\" src=\"https:\/\/southbaltic-tourist.eu\/wp-content\/uploads\/2019\/07\/5.jpg\" alt=\"\" width=\"589\" height=\"400\" srcset=\"https:\/\/sbt.ug.edu.pl\/wp-content\/uploads\/2019\/07\/5.jpg 685w, https:\/\/sbt.ug.edu.pl\/wp-content\/uploads\/2019\/07\/5-300x204.jpg 300w, https:\/\/sbt.ug.edu.pl\/wp-content\/uploads\/2019\/07\/5-150x102.jpg 150w, https:\/\/sbt.ug.edu.pl\/wp-content\/uploads\/2019\/07\/5-305x207.jpg 305w\" sizes=\"(max-width: 589px) 100vw, 589px\" \/><\/p>\n<p>&nbsp;<\/p>\n<p>&nbsp;<\/p>\n<p>&nbsp;<\/p>\n<p>&nbsp;<\/p>\n<p>&nbsp;<\/p>\n<p>&nbsp;<\/p>\n<p>&nbsp;<\/p>\n<p>&nbsp;<\/p>\n<p>&nbsp;<\/p>\n<p>&nbsp;<\/p>\n<p>&nbsp;<\/p>\n<p><a href=\"https:\/\/southbaltic-tourist.eu\/wp-content\/uploads\/2020\/02\/R4.5-Warmia.png\" data-rel=\"lightbox-gallery-QUkZLGkF\" data-rl_title=\"\" data-rl_caption=\"\" title=\"\"><img decoding=\"async\" loading=\"lazy\" class=\"alignnone wp-image-5227\" src=\"https:\/\/southbaltic-tourist.eu\/wp-content\/uploads\/2020\/02\/R4.5-Warmia-300x256.png\" alt=\"\" width=\"469\" height=\"400\" srcset=\"https:\/\/sbt.ug.edu.pl\/wp-content\/uploads\/2020\/02\/R4.5-Warmia-300x256.png 300w, https:\/\/sbt.ug.edu.pl\/wp-content\/uploads\/2020\/02\/R4.5-Warmia-1024x874.png 1024w, https:\/\/sbt.ug.edu.pl\/wp-content\/uploads\/2020\/02\/R4.5-Warmia-768x655.png 768w, https:\/\/sbt.ug.edu.pl\/wp-content\/uploads\/2020\/02\/R4.5-Warmia-1536x1310.png 1536w, https:\/\/sbt.ug.edu.pl\/wp-content\/uploads\/2020\/02\/R4.5-Warmia-150x128.png 150w, https:\/\/sbt.ug.edu.pl\/wp-content\/uploads\/2020\/02\/R4.5-Warmia.png 1600w\" sizes=\"(max-width: 469px) 100vw, 469px\" \/><\/a><\/p>\n<p style=\"text-align: justify;\"><strong>ZWIEDZANIE<\/strong><\/p>\n<p style=\"text-align: justify;\">Elbl\u0105g i Braniewo, najwi\u0119ksze miasta regionu, by\u0142y kiedy\u015b po\u0142\u0105czone kolej\u0105 nadzalewow\u0105. Obecnie jednak to samoch\u00f3d jest najwygodniejszym \u015brodkiem transportu po kr\u0119tych, a jednocze\u015bnie malowniczych, lokalnych drogach. Jedynie w przypadku \u015awi\u0119tego Kamienia konieczny jest prawie p\u00f3\u0142godzinny spacer (samoch\u00f3d mo\u017cna zostawi\u0107 na parkingu tu\u017c przy le\u015bnicz\u00f3wce Nowy Wiek). Nieco mniejsze miasto, jakim jest Frombork posiada bardzo dobrze rozwini\u0119te zaplecze noclegowe, dzi\u0119ki czemu stanowi alternatyw\u0119 do pobytu w Elbl\u0105gu. Zwiedzanie ca\u0142ej okolicy zajmuje zazwyczaj jeden dzie\u0144. Jednak mo\u017cliwe jest rozdzielenie atrakcji na dwa nieco spokojniejsze pod wzgl\u0119dem zwiedzania dni: dzie\u0144 1 &#8211; Elbl\u0105g oraz \u015awi\u0119ty Kamie\u0144 pod Tolkmickiem, dzie\u0144 2 &#8211; Braniewo i Frombork.<\/p>\n<p style=\"text-align: justify;\"><strong>ATRAKCJE<\/strong><\/p>\n<p style=\"text-align: justify;\">Elbl\u0105g mo\u017ce poszczyci\u0107 si\u0119 zrekonstruowan\u0105 w ostatnich \u0107wier\u0107wieczach star\u00f3wk\u0105, w centrum kt\u00f3rej znajduje si\u0119 charakterystyczna, gotycka katedra \u015bw. Miko\u0142aja. Na wie\u017cy katedry jest taras widokowy udost\u0119pniany od kwietnia do pa\u017adziernika. Drugim najwa\u017cniejszym miejscem miasta jest dawny ko\u015bci\u00f3\u0142 Mariacki i klasztor Dominikan\u00f3w, w kt\u00f3rym ju\u017c od wielu lat znajduje si\u0119 Galeria Sztuki EL. W znacznie mniejszym ni\u017c Elbl\u0105g Tolkmicku &#8211; miasteczku portowym, podziwia\u0107 mo\u017cna p\u00f3\u017anogotycki ko\u015bci\u00f3\u0142 \u015bw. Jakuba z barokowymi i neogotyckimi meblami. Tu\u017c za Tolkmickiem, oko\u0142o 4 km na wsch\u00f3d, nad brzegiem Zalewu Wi\u015blanego znajduje si\u0119 \u015awi\u0119ty Kamie\u0144, wed\u0142ug legendy s\u0142u\u017c\u0105cy za form\u0119 o\u0142tarza pruskiemu b\u00f3stwu p\u0142odno\u015bci i obfito\u015bci &#8211; Kurke. Kolejnym istotnym miastem regionu jest Frombork, historyczna siedziba biskup\u00f3w warmi\u0144skich i miejsce poch\u00f3wku Miko\u0142aja Kopernika. Najwa\u017cniejszym punktem turystycznym miasta jest zesp\u00f3\u0142 katedralny, sk\u0142adaj\u0105cy si\u0119 z gotyckiej Bazyliki archikatedralnej Wniebowzi\u0119cia Naj\u015bwi\u0119tszej Maryi Panny i \u015bw. Andrzeja, pa\u0142acu biskupiego oraz dzwonnicy z planetarium. Wst\u0119p do katedry jest p\u0142atny. Za dodatkow\u0105 op\u0142at\u0105 mo\u017cliwe jest r\u00f3wnie\u017c wej\u015bcie na taras widokowy. Ostatnim przystankiem trasy jest po\u0142o\u017cone 6 km od uj\u015bcia rzeki Pas\u0142\u0119ki do Zalewu Wi\u015blanego Braniewo, kt\u00f3re dozna\u0142o znacznych zniszcze\u0144 w 1945 r. G\u0142\u00f3wnymi atrakcjami miasta s\u0105 odbudowywany ko\u015bci\u00f3\u0142 gotycki p.w. \u015bw. Katarzyny Aleksandryjskiej, w kt\u00f3rym znajduje si\u0119 krypta b\u0142. Reginy Protmann, barokowy ko\u015bci\u00f3\u0142 \u015awi\u0119tego Krzy\u017ca i niewielka Kalwaria znajduj\u0105ca si\u0119 tu\u017c za miastem, przy drodze do miejscowo\u015bci Nowa Pas\u0142\u0119ka w ogrodzie miejscowego klasztoru.<\/p>\n<p><div class=\"rl-gallery-container rl-loading\" id=\"rl-gallery-container-2\" data-gallery_id=\"4562\"> <div class=\"rl-gallery rl-basicgrid-gallery \" id=\"rl-gallery-2\" data-gallery_no=\"2\"> <div class=\"rl-gallery-item\"><a href=\"https:\/\/sbt.ug.edu.pl\/wp-content\/uploads\/2019\/08\/Braniewo_005.jpg\" title=\"The nave of the church of St. Catherine; author: Jaros\u0142aw Ellwart \/ Wydawnictwo REGION \/ BHR\" data-rl_title=\"The nave of the church of St. Catherine; author: Jaros\u0142aw Ellwart \/ Wydawnictwo REGION \/ BHR\" class=\"rl-gallery-link\" data-rl_caption=\"\" data-rel=\"lightbox-gallery-2\"><img src=\"https:\/\/sbt.ug.edu.pl\/wp-content\/uploads\/2019\/08\/Braniewo_005-768x1024.jpg\" width=\"640\" height=\"853\" alt=\"\" \/><\/a><\/div><div class=\"rl-gallery-item\"><a href=\"https:\/\/sbt.ug.edu.pl\/wp-content\/uploads\/2019\/08\/Braniewo_007.jpg\" title=\"Basilica of Saint. Catherine in Braniewo; author: Jaros\u0142aw Ellwart \/ Wydawnictwo REGION \/ BHR\" data-rl_title=\"Basilica of Saint. Catherine in Braniewo; author: Jaros\u0142aw Ellwart \/ Wydawnictwo REGION \/ BHR\" class=\"rl-gallery-link\" data-rl_caption=\"\" data-rel=\"lightbox-gallery-2\"><img src=\"https:\/\/sbt.ug.edu.pl\/wp-content\/uploads\/2019\/08\/Braniewo_007-768x1024.jpg\" width=\"640\" height=\"853\" alt=\"\" \/><\/a><\/div><div class=\"rl-gallery-item\"><a href=\"https:\/\/sbt.ug.edu.pl\/wp-content\/uploads\/2019\/08\/Braniewo_P1600556.jpg\" title=\"Church of St. Cross on the Pas\u0142\u0119ka River; author: Jaros\u0142aw Ellwart \/ Wydawnictwo REGION \/ BHR\" data-rl_title=\"Church of St. Cross on the Pas\u0142\u0119ka River; author: Jaros\u0142aw Ellwart \/ Wydawnictwo REGION \/ BHR\" class=\"rl-gallery-link\" data-rl_caption=\"\" data-rel=\"lightbox-gallery-2\"><img src=\"https:\/\/sbt.ug.edu.pl\/wp-content\/uploads\/2019\/08\/Braniewo_P1600556-768x576.jpg\" width=\"640\" height=\"480\" alt=\"\" \/><\/a><\/div><div class=\"rl-gallery-item\"><a href=\"https:\/\/sbt.ug.edu.pl\/wp-content\/uploads\/2019\/08\/Braniewo_P1600560.jpg\" title=\"The interior of the pilgrim church of St. Cross; author: Jaros\u0142aw Ellwart \/ Wydawnictwo REGION \/ BHR\" data-rl_title=\"The interior of the pilgrim church of St. Cross; author: Jaros\u0142aw Ellwart \/ Wydawnictwo REGION \/ BHR\" class=\"rl-gallery-link\" data-rl_caption=\"\" data-rel=\"lightbox-gallery-2\"><img src=\"https:\/\/sbt.ug.edu.pl\/wp-content\/uploads\/2019\/08\/Braniewo_P1600560-768x576.jpg\" width=\"640\" height=\"480\" alt=\"\" \/><\/a><\/div><div class=\"rl-gallery-item\"><a href=\"https:\/\/sbt.ug.edu.pl\/wp-content\/uploads\/2019\/08\/Elbl\u0105g_IMG_6718.jpg\" title=\"St. Nicholas Cathedral; author: Jaros\u0142aw Ellwart \/ Wydawnictwo REGION \/ BHR\" data-rl_title=\"St. Nicholas Cathedral; author: Jaros\u0142aw Ellwart \/ Wydawnictwo REGION \/ BHR\" class=\"rl-gallery-link\" data-rl_caption=\"\" data-rel=\"lightbox-gallery-2\"><img src=\"https:\/\/sbt.ug.edu.pl\/wp-content\/uploads\/2019\/08\/Elbl\u0105g_IMG_6718-768x1152.jpg\" width=\"640\" height=\"960\" alt=\"\" \/><\/a><\/div><div class=\"rl-gallery-item\"><a href=\"https:\/\/sbt.ug.edu.pl\/wp-content\/uploads\/2019\/08\/Elbl\u0105g_IMG_6753.jpg\" title=\"\" data-rl_title=\"\" class=\"rl-gallery-link\" data-rl_caption=\"\" data-rel=\"lightbox-gallery-2\"><img src=\"https:\/\/sbt.ug.edu.pl\/wp-content\/uploads\/2019\/08\/Elbl\u0105g_IMG_6753-768x512.jpg\" width=\"640\" height=\"427\" alt=\"\" \/><\/a><\/div><div class=\"rl-gallery-item\"><a href=\"https:\/\/sbt.ug.edu.pl\/wp-content\/uploads\/2019\/08\/Elbl\u0105g_P1760261-e1566243880111.jpg\" title=\"The ornate portal of the southern wall of the cathedral; author: Jaros\u0142aw Ellwart \/ Wydawnictwo REGION \/BHR\" data-rl_title=\"The ornate portal of the southern wall of the cathedral; author: Jaros\u0142aw Ellwart \/ Wydawnictwo REGION \/BHR\" class=\"rl-gallery-link\" data-rl_caption=\"\" data-rel=\"lightbox-gallery-2\"><img src=\"https:\/\/sbt.ug.edu.pl\/wp-content\/uploads\/2019\/08\/Elbl\u0105g_P1760261-e1566243880111-768x1024.jpg\" width=\"640\" height=\"853\" alt=\"\" \/><\/a><\/div><div class=\"rl-gallery-item\"><a href=\"https:\/\/sbt.ug.edu.pl\/wp-content\/uploads\/2019\/08\/Frombork_P1180790-e1566243968432.jpg\" title=\"Place of burial of Nicolaus Copernicus; author: Jaros\u0142aw Ellwart \/ Wydawnictwo REGION \/ BHR\" data-rl_title=\"Place of burial of Nicolaus Copernicus; author: Jaros\u0142aw Ellwart \/ Wydawnictwo REGION \/ BHR\" class=\"rl-gallery-link\" data-rl_caption=\"\" data-rel=\"lightbox-gallery-2\"><img src=\"https:\/\/sbt.ug.edu.pl\/wp-content\/uploads\/2019\/08\/Frombork_P1180790-e1566243968432-768x1024.jpg\" width=\"640\" height=\"853\" alt=\"\" \/><\/a><\/div><div class=\"rl-gallery-item\"><a href=\"https:\/\/sbt.ug.edu.pl\/wp-content\/uploads\/2019\/08\/Frombork_P1180822-e1566244020324.jpg\" title=\"One of the altars in the Frombork cathedral; author: Jaros\u0142aw Ellwart \/ Wydawnictwo REGION \/ BHR\" data-rl_title=\"One of the altars in the Frombork cathedral; author: Jaros\u0142aw Ellwart \/ Wydawnictwo REGION \/ BHR\" class=\"rl-gallery-link\" data-rl_caption=\"\" data-rel=\"lightbox-gallery-2\"><img src=\"https:\/\/sbt.ug.edu.pl\/wp-content\/uploads\/2019\/08\/Frombork_P1180822-e1566244020324-768x1024.jpg\" width=\"640\" height=\"853\" alt=\"\" \/><\/a><\/div><div class=\"rl-gallery-item\"><a href=\"https:\/\/sbt.ug.edu.pl\/wp-content\/uploads\/2019\/08\/Frombork_P1180846-e1566244064347.jpg\" title=\"A richly decorated western portal; author: Jaros\u0142aw Ellwart \/ Wydawnictwo REGION \/ BHR\" data-rl_title=\"A richly decorated western portal; author: Jaros\u0142aw Ellwart \/ Wydawnictwo REGION \/ BHR\" class=\"rl-gallery-link\" data-rl_caption=\"\" data-rel=\"lightbox-gallery-2\"><img src=\"https:\/\/sbt.ug.edu.pl\/wp-content\/uploads\/2019\/08\/Frombork_P1180846-e1566244064347-768x1024.jpg\" width=\"640\" height=\"853\" alt=\"\" \/><\/a><\/div><div class=\"rl-gallery-item\"><a href=\"https:\/\/sbt.ug.edu.pl\/wp-content\/uploads\/2019\/08\/Frombork_P1190035.jpg\" title=\"Panorama of the Cathedral Hill; author: Jaros\u0142aw Ellwart \/ Wydawnictwo REGION \/ BHR\" data-rl_title=\"Panorama of the Cathedral Hill; author: Jaros\u0142aw Ellwart \/ Wydawnictwo REGION \/ BHR\" class=\"rl-gallery-link\" data-rl_caption=\"\" data-rel=\"lightbox-gallery-2\"><img src=\"https:\/\/sbt.ug.edu.pl\/wp-content\/uploads\/2019\/08\/Frombork_P1190035-768x576.jpg\" width=\"640\" height=\"480\" alt=\"\" \/><\/a><\/div><div class=\"rl-gallery-item\"><a href=\"https:\/\/sbt.ug.edu.pl\/wp-content\/uploads\/2019\/08\/swietykamien_P1180504.jpg\" title=\"Holy Stone of Prussia in the waters of the Vistula Lagoon; author: Jaros\u0142aw Ellwart \/ Wydawnictwo REGION \/ BHR\" data-rl_title=\"Holy Stone of Prussia in the waters of the Vistula Lagoon; author: Jaros\u0142aw Ellwart \/ Wydawnictwo REGION \/ BHR\" class=\"rl-gallery-link\" data-rl_caption=\"\" data-rel=\"lightbox-gallery-2\"><img src=\"https:\/\/sbt.ug.edu.pl\/wp-content\/uploads\/2019\/08\/swietykamien_P1180504-768x576.jpg\" width=\"640\" height=\"480\" alt=\"\" \/><\/a><\/div><div class=\"rl-gallery-item\"><a href=\"https:\/\/sbt.ug.edu.pl\/wp-content\/uploads\/2019\/08\/Tolkmicko_DSC_4422.jpg\" title=\"Church of St. Jacob; author: Jaros\u0142aw Ellwart \/ Wydawnictwo REGION \/ BHR\" data-rl_title=\"Church of St. Jacob; author: Jaros\u0142aw Ellwart \/ Wydawnictwo REGION \/ BHR\" class=\"rl-gallery-link\" data-rl_caption=\"\" data-rel=\"lightbox-gallery-2\"><img src=\"https:\/\/sbt.ug.edu.pl\/wp-content\/uploads\/2019\/08\/Tolkmicko_DSC_4422-768x432.jpg\" width=\"640\" height=\"360\" alt=\"\" \/><\/a><\/div><div class=\"rl-gallery-item\"><a href=\"https:\/\/sbt.ug.edu.pl\/wp-content\/uploads\/2019\/08\/tolkmicko_P1180677.jpg\" title=\"Interior of the parish church in Tolkmicko; author: Jaros\u0142aw Ellwart \/ Wydawnictwo REGION \/ BHR\" data-rl_title=\"Interior of the parish church in Tolkmicko; author: Jaros\u0142aw Ellwart \/ Wydawnictwo REGION \/ BHR\" class=\"rl-gallery-link\" data-rl_caption=\"\" data-rel=\"lightbox-gallery-2\"><img src=\"https:\/\/sbt.ug.edu.pl\/wp-content\/uploads\/2019\/08\/tolkmicko_P1180677-768x576.jpg\" width=\"640\" height=\"480\" alt=\"\" \/><\/a><\/div> <\/div> <\/div><\/p>","protected":false},"excerpt":{"rendered":"<p>LOKALIZACJA \u015awi\u0119t\u0105 Warmi\u0105 nazywano niegdy\u015b obszar przylegaj\u0105cy od po\u0142udnia do Zalewu Wi\u015blanego, a wsp\u00f3\u0142cze\u015bnie nosz\u0105cy miano Dolnego Powi\u015bla. Tereny te nale\u017ca\u0142y do biskup\u00f3w warmi\u0144skich, nast\u0119pnie w XIII wieku zosta\u0142y podbite i skolonizowane przez Zakon Krzy\u017cacki, a po reformacji podzielone na katolick\u0105 Warmi\u0119 i ewangelicki Elbl\u0105g. Podczas II wojny \u015bwiatowej w regionie dokonano wielu zniszcze\u0144, kt\u00f3re [&hellip;]<\/p>\n","protected":false},"author":3,"featured_media":0,"parent":482,"menu_order":0,"comment_status":"closed","ping_status":"closed","template":"","meta":[],"categories":[34,27,15],"tags":[],"_links":{"self":[{"href":"https:\/\/sbt.ug.edu.pl\/pl\/wp-json\/wp\/v2\/pages\/1636"}],"collection":[{"href":"https:\/\/sbt.ug.edu.pl\/pl\/wp-json\/wp\/v2\/pages"}],"about":[{"href":"https:\/\/sbt.ug.edu.pl\/pl\/wp-json\/wp\/v2\/types\/page"}],"author":[{"embeddable":true,"href":"https:\/\/sbt.ug.edu.pl\/pl\/wp-json\/wp\/v2\/users\/3"}],"replies":[{"embeddable":true,"href":"https:\/\/sbt.ug.edu.pl\/pl\/wp-json\/wp\/v2\/comments?post=1636"}],"version-history":[{"count":8,"href":"https:\/\/sbt.ug.edu.pl\/pl\/wp-json\/wp\/v2\/pages\/1636\/revisions"}],"predecessor-version":[{"id":5875,"href":"https:\/\/sbt.ug.edu.pl\/pl\/wp-json\/wp\/v2\/pages\/1636\/revisions\/5875"}],"up":[{"embeddable":true,"href":"https:\/\/sbt.ug.edu.pl\/pl\/wp-json\/wp\/v2\/pages\/482"}],"wp:attachment":[{"href":"https:\/\/sbt.ug.edu.pl\/pl\/wp-json\/wp\/v2\/media?parent=1636"}],"wp:term":[{"taxonomy":"category","embeddable":true,"href":"https:\/\/sbt.ug.edu.pl\/pl\/wp-json\/wp\/v2\/categories?post=1636"},{"taxonomy":"post_tag","embeddable":true,"href":"https:\/\/sbt.ug.edu.pl\/pl\/wp-json\/wp\/v2\/tags?post=1636"}],"curies":[{"name":"wp","href":"https:\/\/api.w.org\/{rel}","templated":true}]}}