{"id":1644,"date":"2019-07-10T10:10:37","date_gmt":"2019-07-10T08:10:37","guid":{"rendered":"https:\/\/southbaltic-tourist.eu\/?page_id=1644"},"modified":"2021-07-02T12:53:15","modified_gmt":"2021-07-02T11:53:15","slug":"7-kashubia","status":"publish","type":"page","link":"https:\/\/sbt.ug.edu.pl\/pl\/routes\/blue-and-green-believes-and-religions-of-the-south-baltic-area\/7-kashubia\/","title":{"rendered":"7. KASZUBY"},"content":{"rendered":"<p><\/p>\n<p style=\"text-align: justify;\"><strong>LOKALIZACJA<\/strong><\/p>\n<p style=\"text-align: justify;\">Po\u0142o\u017cone w zachodniej cz\u0119\u015bci wojew\u00f3dztwa pomorskiego, w zlewni rzek \u0141eby i Radunii Kaszuby s\u0105 znane jako ostoja tradycyjnej religijno\u015bci jednej z rdzennych grup mieszka\u0144c\u00f3w Pomorza. Duchowymi stolicami regionu s\u0105 Wejherowo z barokow\u0105 Kalwari\u0105 i Sianowo z Sanktuarium Mariackim. Istotnym miastem jest r\u00f3wnie\u017c L\u0119bork, b\u0119d\u0105cy franciszka\u0144skim o\u015brodkiem i miejscem odrodzenia kultu \u015bw. Jakuba. To w\u0142a\u015bnie z inicjatywy miasta L\u0119bork przywr\u00f3cono ponad 1000-kilometrow\u0105 Pomorsk\u0105 Drog\u0119 \u015awi\u0119tego Jakuba &#8211; jeden z europejskich szlak\u00f3w Camino de Santiago. Po\u0142o\u017cenie geograficzne L\u0119borka: 54\u00b032\u2032N 17\u00b044\u2032E.<\/p>\n<p><a href=\"https:\/\/southbaltic-tourist.eu\/wp-content\/uploads\/2019\/07\/7.jpg\" data-rel=\"lightbox-gallery-2vpdpMaU\" data-rl_title=\"\" data-rl_caption=\"\" title=\"\"><img decoding=\"async\" loading=\"lazy\" class=\"alignleft wp-image-1645\" src=\"https:\/\/southbaltic-tourist.eu\/wp-content\/uploads\/2019\/07\/7.jpg\" alt=\"\" width=\"599\" height=\"400\" srcset=\"https:\/\/sbt.ug.edu.pl\/wp-content\/uploads\/2019\/07\/7.jpg 1600w, https:\/\/sbt.ug.edu.pl\/wp-content\/uploads\/2019\/07\/7-300x200.jpg 300w, https:\/\/sbt.ug.edu.pl\/wp-content\/uploads\/2019\/07\/7-768x513.jpg 768w, https:\/\/sbt.ug.edu.pl\/wp-content\/uploads\/2019\/07\/7-1024x684.jpg 1024w, https:\/\/sbt.ug.edu.pl\/wp-content\/uploads\/2019\/07\/7-150x100.jpg 150w\" sizes=\"(max-width: 599px) 100vw, 599px\" \/><\/a><\/p>\n<p>&nbsp;<\/p>\n<p>&nbsp;<\/p>\n<p>&nbsp;<\/p>\n<p>&nbsp;<\/p>\n<p>&nbsp;<\/p>\n<p>&nbsp;<\/p>\n<p>&nbsp;<\/p>\n<p>&nbsp;<\/p>\n<p>&nbsp;<\/p>\n<p>&nbsp;<\/p>\n<p><a href=\"https:\/\/southbaltic-tourist.eu\/wp-content\/uploads\/2020\/02\/R4.7-Kashubia.png\" data-rel=\"lightbox-gallery-2vpdpMaU\" data-rl_title=\"\" data-rl_caption=\"\" title=\"\"><img decoding=\"async\" loading=\"lazy\" class=\"alignnone wp-image-5234\" src=\"https:\/\/southbaltic-tourist.eu\/wp-content\/uploads\/2020\/02\/R4.7-Kashubia-300x256.png\" alt=\"\" width=\"469\" height=\"400\" srcset=\"https:\/\/sbt.ug.edu.pl\/wp-content\/uploads\/2020\/02\/R4.7-Kashubia-300x256.png 300w, https:\/\/sbt.ug.edu.pl\/wp-content\/uploads\/2020\/02\/R4.7-Kashubia-1024x874.png 1024w, https:\/\/sbt.ug.edu.pl\/wp-content\/uploads\/2020\/02\/R4.7-Kashubia-768x655.png 768w, https:\/\/sbt.ug.edu.pl\/wp-content\/uploads\/2020\/02\/R4.7-Kashubia-1536x1310.png 1536w, https:\/\/sbt.ug.edu.pl\/wp-content\/uploads\/2020\/02\/R4.7-Kashubia-150x128.png 150w, https:\/\/sbt.ug.edu.pl\/wp-content\/uploads\/2020\/02\/R4.7-Kashubia.png 1600w\" sizes=\"(max-width: 469px) 100vw, 469px\" \/><\/a><\/p>\n<p style=\"text-align: justify;\"><strong>ZWIEDZANIE<\/strong><\/p>\n<p style=\"text-align: justify;\">Wszystkie wybrane miasta i mniejsze miejscowo\u015bci po\u0142o\u017cone s\u0105 w odleg\u0142o\u015bci 50 km od L\u0119borka. Mimo, \u017ce istnieje dogodne po\u0142\u0105cznie kolejowe mi\u0119dzy L\u0119borkiem a Wejherowem, to optymalnym \u015brodkiem transportu na niniejszej trasie jest jednak samoch\u00f3d. W regionie zauwa\u017cy\u0107 mo\u017cna wyra\u017anie oznakowany pieszy szlak \u2013 Drog\u0119 \u015awi\u0119tego Jakuba, \u0142\u0105cz\u0105c\u0105 Sianowo i L\u0119bork, biegn\u0105c\u0105 dalej do Smo\u0142dzina (przez \u0141eb\u0119). Szlak ten jest jednak bardzo d\u0142ugi i nale\u017ca\u0142oby na niego po\u015bwi\u0119ci\u0107 wiele dni w\u0119dr\u00f3wki. W przypadku zwiedzania wn\u0119trz Kalwarii w Wejherowie, sanktuarium w Sianowie i ko\u015bcio\u0142a w Smo\u0142dzinie przed wizyt\u0105 nale\u017cy skontaktowa\u0107 si\u0119 z administratorami tych\u017ce miejsc w celu ich udost\u0119pnienia, poniewa\u017c zazwyczaj s\u0105 zamkni\u0119te. Z kolei, je\u017celi planowane jest wspi\u0119cie si\u0119 na wie\u017c\u0119 widokow\u0105 Rowok\u00f3\u0142 to jedynie w okresie od maja do wrze\u015bnia w godzinach 9:00\u201318:00, przy sprzyjaj\u0105cych warunkach atmosferycznych.<\/p>\n<p style=\"text-align: justify;\"><strong>ATRAKCJE<\/strong><\/p>\n<p style=\"text-align: justify;\">L\u0119bork to za\u0142o\u017cone przez Krzy\u017cak\u00f3w miasto, znajduj\u0105ce si\u0119 w \u015brodkowej cz\u0119\u015bci rzeki \u0141eby. W historycznym centrum miejscowo\u015bci zlokalizowany jest gotycki ko\u015bci\u00f3\u0142 \u015bw. Jakuba z barokowym wn\u0119trzem, kt\u00f3ry stanowi centralny odcinek Drogi \u015bw. Jakuba na Pomorzu. Miasto znane jest r\u00f3wnie\u017c z odrestaurowanych, miejskich fortyfikacji. Kolejnym wyj\u0105tkowym miastem na tej\u017ce trasie jest po\u0142o\u017cone 30 km od L\u0119borka Wejherowo, za\u0142o\u017cone w 1643 roku. Ju\u017c w pierwszych latach funkcjonowania miasta zbudowano w dalszym ci\u0105gu imponuj\u0105c\u0105 barokow\u0105 Kalwari\u0119 i za\u0142o\u017cono klasztor franciszkan\u00f3w. Najwi\u0119kszym skarbem ko\u015bcio\u0142a franciszka\u0144skiego jest s\u0142yn\u0105cy z mocy uzdrowicielskich Obraz Matki Bo\u017cej Wejherowskiej Uzdrowicielki na Duszy i Ciele. Z kolei w Sianowie znajduje si\u0119 cudowny, drewniany wizerunek Maryi koronowanej na Kr\u00f3low\u0105 Kaszub w 1966 roku, przyci\u0105gaj\u0105cy t\u0142umy pielgrzym\u00f3w, zw\u0142aszcza w lipcu oraz wrze\u015bniu podczas g\u0142\u00f3wnych uroczysto\u015bci parafialnych. Ciekawym punktem trasy jest Diabelski Kamie\u0144 zlokalizowany w Nowej Hucie. To najwi\u0119kszy g\u0142az narzutowy na Kaszubach, z kt\u00f3rym wi\u0105\u017ce si\u0119 nietuzinkowa legenda. Warto tak\u017ce wspi\u0105\u0107 si\u0119 na jedno z historycznych, \u015bwi\u0119tych wzg\u00f3rz Pomorza \u2013 Rowok\u00f3\u0142, zlokalizowany w pobli\u017cu Smo\u0142dzina, na skraju S\u0142owi\u0144skiego Parku Narodowego. Na wzg\u00f3rzu znajduje si\u0119 wie\u017ca widokowa, mury nasypowe dawnej fortecy, a w pobliskiej wsi zwiedzi\u0107 mo\u017cna renesansowy ko\u015bci\u00f3\u0142 \u015awi\u0119tej Tr\u00f3jcy ufundowany przez ostatni\u0105 przedstawicielk\u0119 dynastii Gryfit\u00f3w.<\/p>\n<p><code><div class=\"rl-gallery-container rl-loading\" id=\"rl-gallery-container-2\" data-gallery_id=\"4583\"> <div class=\"rl-gallery rl-basicgrid-gallery \" id=\"rl-gallery-2\" data-gallery_no=\"2\"> <div class=\"rl-gallery-item\"><a href=\"https:\/\/sbt.ug.edu.pl\/wp-content\/uploads\/2019\/08\/Lebork_053.jpg\" title=\"Interior of the church of St. James; author: Jaros\u0142aw Ellwart \/ Wydawnictwo REGION \/ BHR\" data-rl_title=\"Interior of the church of St. James; author: Jaros\u0142aw Ellwart \/ Wydawnictwo REGION \/ BHR\" class=\"rl-gallery-link\" data-rl_caption=\"\" data-rel=\"lightbox-gallery-2\"><img src=\"https:\/\/sbt.ug.edu.pl\/wp-content\/uploads\/2019\/08\/Lebork_053-768x1024.jpg\" width=\"640\" height=\"853\" alt=\"\" \/><\/a><\/div><div class=\"rl-gallery-item\"><a href=\"https:\/\/sbt.ug.edu.pl\/wp-content\/uploads\/2019\/08\/lebork_055.jpg\" title=\"A milestone of the Pomeranian Way of St. James; author: Jaros\u0142aw Ellwart \/ Wydawnictwo REGION \/ BHR\" data-rl_title=\"A milestone of the Pomeranian Way of St. James; author: Jaros\u0142aw Ellwart \/ Wydawnictwo REGION \/ BHR\" class=\"rl-gallery-link\" data-rl_caption=\"\" data-rel=\"lightbox-gallery-2\"><img src=\"https:\/\/sbt.ug.edu.pl\/wp-content\/uploads\/2019\/08\/lebork_055-768x1024.jpg\" width=\"640\" height=\"853\" alt=\"\" \/><\/a><\/div><div class=\"rl-gallery-item\"><a href=\"https:\/\/sbt.ug.edu.pl\/wp-content\/uploads\/2019\/08\/Lebork_143.jpg\" title=\"View of the church of St. James from the east side; author: Jaros\u0142aw Ellwart \/ Wydawnictwo REGION \/ BHR\" data-rl_title=\"View of the church of St. James from the east side; author: Jaros\u0142aw Ellwart \/ Wydawnictwo REGION \/ BHR\" class=\"rl-gallery-link\" data-rl_caption=\"\" data-rel=\"lightbox-gallery-2\"><img src=\"https:\/\/sbt.ug.edu.pl\/wp-content\/uploads\/2019\/08\/Lebork_143-768x576.jpg\" width=\"640\" height=\"480\" alt=\"\" \/><\/a><\/div><div class=\"rl-gallery-item\"><a href=\"https:\/\/sbt.ug.edu.pl\/wp-content\/uploads\/2019\/08\/Lebork_P1310923-e1566459060267.jpg\" title=\"The center of L\u0119bork and the church of Saint. James; author: Jaros\u0142aw Ellwart \/ Wydawnictwo REGION \/ BHR\" data-rl_title=\"The center of L\u0119bork and the church of Saint. James; author: Jaros\u0142aw Ellwart \/ Wydawnictwo REGION \/ BHR\" class=\"rl-gallery-link\" data-rl_caption=\"\" data-rel=\"lightbox-gallery-2\"><img src=\"https:\/\/sbt.ug.edu.pl\/wp-content\/uploads\/2019\/08\/Lebork_P1310923-e1566459060267-768x1024.jpg\" width=\"640\" height=\"853\" alt=\"\" \/><\/a><\/div><div class=\"rl-gallery-item\"><a href=\"https:\/\/sbt.ug.edu.pl\/wp-content\/uploads\/2019\/08\/NowaHuta_P1930544.jpg\" title=\"Devil&#039;s Stone at the Kamienne Lake; author: Jaros\u0142aw Ellwart \/ Wydawnictwo REGION \/ BHR\" data-rl_title=\"Devil&#039;s Stone at the Kamienne Lake; author: Jaros\u0142aw Ellwart \/ Wydawnictwo REGION \/ BHR\" class=\"rl-gallery-link\" data-rl_caption=\"\" data-rel=\"lightbox-gallery-2\"><img src=\"https:\/\/sbt.ug.edu.pl\/wp-content\/uploads\/2019\/08\/NowaHuta_P1930544-768x576.jpg\" width=\"640\" height=\"480\" alt=\"\" \/><\/a><\/div><div class=\"rl-gallery-item\"><a href=\"https:\/\/sbt.ug.edu.pl\/wp-content\/uploads\/2019\/08\/Sianowo_P1240899.jpg\" title=\"Shrine of Our Lady Queen of Kashubia; author: Jaros\u0142aw Ellwart \/ Wydawnictwo REGION \/ BHR\" data-rl_title=\"Shrine of Our Lady Queen of Kashubia; author: Jaros\u0142aw Ellwart \/ Wydawnictwo REGION \/ BHR\" class=\"rl-gallery-link\" data-rl_caption=\"\" data-rel=\"lightbox-gallery-2\"><img src=\"https:\/\/sbt.ug.edu.pl\/wp-content\/uploads\/2019\/08\/Sianowo_P1240899-768x576.jpg\" width=\"640\" height=\"480\" alt=\"\" \/><\/a><\/div><div class=\"rl-gallery-item\"><a href=\"https:\/\/sbt.ug.edu.pl\/wp-content\/uploads\/2019\/08\/Sianowo_P1240908.jpg\" title=\"Interior of the church of the Nativity of the Blessed Virgin Mary; author: Jaros\u0142aw Ellwart \/ Wydawnictwo REGION \/ BHR\" data-rl_title=\"Interior of the church of the Nativity of the Blessed Virgin Mary; author: Jaros\u0142aw Ellwart \/ Wydawnictwo REGION \/ BHR\" class=\"rl-gallery-link\" data-rl_caption=\"\" data-rel=\"lightbox-gallery-2\"><img src=\"https:\/\/sbt.ug.edu.pl\/wp-content\/uploads\/2019\/08\/Sianowo_P1240908-768x576.jpg\" width=\"640\" height=\"480\" alt=\"\" \/><\/a><\/div><div class=\"rl-gallery-item\"><a href=\"https:\/\/sbt.ug.edu.pl\/wp-content\/uploads\/2019\/08\/Smoldzino_IMG_2762.jpg\" title=\"S\u0142owi\u0144ski National Park - view from the tower on Rowok\u00f3\u0142 Hill; author: Jaros\u0142aw Ellwart \/ Wydawnictwo REGION \/ BHR\" data-rl_title=\"S\u0142owi\u0144ski National Park - view from the tower on Rowok\u00f3\u0142 Hill; author: Jaros\u0142aw Ellwart \/ Wydawnictwo REGION \/ BHR\" class=\"rl-gallery-link\" data-rl_caption=\"\" data-rel=\"lightbox-gallery-2\"><img src=\"https:\/\/sbt.ug.edu.pl\/wp-content\/uploads\/2019\/08\/Smoldzino_IMG_2762-768x512.jpg\" width=\"640\" height=\"427\" alt=\"\" \/><\/a><\/div><div class=\"rl-gallery-item\"><a href=\"https:\/\/sbt.ug.edu.pl\/wp-content\/uploads\/2019\/08\/Smoldzino_IMG_9870.jpg\" title=\"A Renaissance church in Smo\u0142dzino; author: Jaros\u0142aw Ellwart \/ Wydawnictwo REGION \/ BHR\" data-rl_title=\"A Renaissance church in Smo\u0142dzino; author: Jaros\u0142aw Ellwart \/ Wydawnictwo REGION \/ BHR\" class=\"rl-gallery-link\" data-rl_caption=\"\" data-rel=\"lightbox-gallery-2\"><img src=\"https:\/\/sbt.ug.edu.pl\/wp-content\/uploads\/2019\/08\/Smoldzino_IMG_9870-768x512.jpg\" width=\"640\" height=\"427\" alt=\"\" \/><\/a><\/div><div class=\"rl-gallery-item\"><a href=\"https:\/\/sbt.ug.edu.pl\/wp-content\/uploads\/2019\/08\/Wejherowo_IMG_2113.jpg\" title=\"The miraculous image of the Mother of God from Wejherowo; author: Jaros\u0142aw Ellwart \/ Wydawnictwo REGION \/ BHR\" data-rl_title=\"The miraculous image of the Mother of God from Wejherowo; author: Jaros\u0142aw Ellwart \/ Wydawnictwo REGION \/ BHR\" class=\"rl-gallery-link\" data-rl_caption=\"\" data-rel=\"lightbox-gallery-2\"><img src=\"https:\/\/sbt.ug.edu.pl\/wp-content\/uploads\/2019\/08\/Wejherowo_IMG_2113-768x1152.jpg\" width=\"640\" height=\"960\" alt=\"\" \/><\/a><\/div><div class=\"rl-gallery-item\"><a href=\"https:\/\/sbt.ug.edu.pl\/wp-content\/uploads\/2019\/08\/Wejherowo_IMG_2126.jpg\" title=\"Monastic church of St. Anna; author: Jaros\u0142aw Ellwart \/ Wydawnictwo REGION \/ BHR\" data-rl_title=\"Monastic church of St. Anna; author: Jaros\u0142aw Ellwart \/ Wydawnictwo REGION \/ BHR\" class=\"rl-gallery-link\" data-rl_caption=\"\" data-rel=\"lightbox-gallery-2\"><img src=\"https:\/\/sbt.ug.edu.pl\/wp-content\/uploads\/2019\/08\/Wejherowo_IMG_2126-768x1152.jpg\" width=\"640\" height=\"960\" alt=\"\" \/><\/a><\/div><div class=\"rl-gallery-item\"><a href=\"https:\/\/sbt.ug.edu.pl\/wp-content\/uploads\/2019\/08\/Wejherowo_P1190713-e1566459175616.jpg\" title=\"One of the chapels of Calvary in Wejherowo; author: Jaros\u0142aw Ellwart \/ Wydawnictwo REGION \/ BHR\" data-rl_title=\"One of the chapels of Calvary in Wejherowo; author: Jaros\u0142aw Ellwart \/ Wydawnictwo REGION \/ BHR\" class=\"rl-gallery-link\" data-rl_caption=\"\" data-rel=\"lightbox-gallery-2\"><img src=\"https:\/\/sbt.ug.edu.pl\/wp-content\/uploads\/2019\/08\/Wejherowo_P1190713-e1566459175616-768x1367.jpg\" width=\"640\" height=\"1139\" alt=\"\" \/><\/a><\/div><div class=\"rl-gallery-item\"><a href=\"https:\/\/sbt.ug.edu.pl\/wp-content\/uploads\/2019\/08\/Wejherowo_P1190760.jpg\" title=\"The image of Christ in the Chapel of the Crucifixion at Calvary in Wejherowo; author: Jaros\u0142aw Ellwart \/ Wydawnictwo REGION \/ BHR\" data-rl_title=\"The image of Christ in the Chapel of the Crucifixion at Calvary in Wejherowo; author: Jaros\u0142aw Ellwart \/ Wydawnictwo REGION \/ BHR\" class=\"rl-gallery-link\" data-rl_caption=\"\" data-rel=\"lightbox-gallery-2\"><img src=\"https:\/\/sbt.ug.edu.pl\/wp-content\/uploads\/2019\/08\/Wejherowo_P1190760-768x432.jpg\" width=\"640\" height=\"360\" alt=\"\" \/><\/a><\/div> <\/div> <\/div><\/code><\/p>","protected":false},"excerpt":{"rendered":"<p>LOKALIZACJA Po\u0142o\u017cone w zachodniej cz\u0119\u015bci wojew\u00f3dztwa pomorskiego, w zlewni rzek \u0141eby i Radunii Kaszuby s\u0105 znane jako ostoja tradycyjnej religijno\u015bci jednej z rdzennych grup mieszka\u0144c\u00f3w Pomorza. Duchowymi stolicami regionu s\u0105 Wejherowo z barokow\u0105 Kalwari\u0105 i Sianowo z Sanktuarium Mariackim. Istotnym miastem jest r\u00f3wnie\u017c L\u0119bork, b\u0119d\u0105cy franciszka\u0144skim o\u015brodkiem i miejscem odrodzenia kultu \u015bw. Jakuba. To w\u0142a\u015bnie [&hellip;]<\/p>\n","protected":false},"author":3,"featured_media":0,"parent":482,"menu_order":0,"comment_status":"closed","ping_status":"closed","template":"","meta":[],"categories":[34,27,15],"tags":[],"_links":{"self":[{"href":"https:\/\/sbt.ug.edu.pl\/pl\/wp-json\/wp\/v2\/pages\/1644"}],"collection":[{"href":"https:\/\/sbt.ug.edu.pl\/pl\/wp-json\/wp\/v2\/pages"}],"about":[{"href":"https:\/\/sbt.ug.edu.pl\/pl\/wp-json\/wp\/v2\/types\/page"}],"author":[{"embeddable":true,"href":"https:\/\/sbt.ug.edu.pl\/pl\/wp-json\/wp\/v2\/users\/3"}],"replies":[{"embeddable":true,"href":"https:\/\/sbt.ug.edu.pl\/pl\/wp-json\/wp\/v2\/comments?post=1644"}],"version-history":[{"count":6,"href":"https:\/\/sbt.ug.edu.pl\/pl\/wp-json\/wp\/v2\/pages\/1644\/revisions"}],"predecessor-version":[{"id":5877,"href":"https:\/\/sbt.ug.edu.pl\/pl\/wp-json\/wp\/v2\/pages\/1644\/revisions\/5877"}],"up":[{"embeddable":true,"href":"https:\/\/sbt.ug.edu.pl\/pl\/wp-json\/wp\/v2\/pages\/482"}],"wp:attachment":[{"href":"https:\/\/sbt.ug.edu.pl\/pl\/wp-json\/wp\/v2\/media?parent=1644"}],"wp:term":[{"taxonomy":"category","embeddable":true,"href":"https:\/\/sbt.ug.edu.pl\/pl\/wp-json\/wp\/v2\/categories?post=1644"},{"taxonomy":"post_tag","embeddable":true,"href":"https:\/\/sbt.ug.edu.pl\/pl\/wp-json\/wp\/v2\/tags?post=1644"}],"curies":[{"name":"wp","href":"https:\/\/api.w.org\/{rel}","templated":true}]}}