{"id":1647,"date":"2019-07-10T10:12:37","date_gmt":"2019-07-10T08:12:37","guid":{"rendered":"https:\/\/southbaltic-tourist.eu\/?page_id=1647"},"modified":"2021-07-02T12:54:59","modified_gmt":"2021-07-02T11:54:59","slug":"8-central-pomerania","status":"publish","type":"page","link":"https:\/\/sbt.ug.edu.pl\/pl\/routes\/blue-and-green-believes-and-religions-of-the-south-baltic-area\/8-central-pomerania\/","title":{"rendered":"8. POMORZE \u015aRODKOWE"},"content":{"rendered":"<p><\/p>\n<p style=\"text-align: justify;\"><strong>LOKALIZACJA<\/strong><\/p>\n<p style=\"text-align: justify;\">Ko\u0142obrzeg to miasto, w kt\u00f3rym w 1000 r.\u00a0 z inicjatywy ksi\u0119cia Boles\u0142awa Chrobrego i cesarza Ottona III, w celu chrystianizacji ziem Pomorza utworzono pierwsze misyjne biskupstwo. Jednak wiara poga\u0144ska by\u0142a w\u00f3wczas zbyt silnie zakorzeniona w miejscowej ludno\u015bci i biskupstwo szybko zosta\u0142o zlikwidowane. Pomorskie ziemie przyj\u0119\u0142y chrzest dopiero w po\u0142owie XII wieku z r\u0105k \u015bw. Ottona z Bambergu. W czasach reformacji tereny mi\u0119dzy Ko\u0142obrzegiem a Koszalinem podlega\u0142y biskupom z Kamienia Pomorskiego, a nast\u0119pnie sta\u0142y si\u0119 o\u015brodkiem tradycyjnego protestantyzmu. Mimo, \u017ce obszary te po 1945 r. poddano ponownej katolizacji i nast\u0105pi\u0142a du\u017ca rotacja ludno\u015bci, Pomorze Centralne, podobnie jak Pomorze Zachodnie, w dalszym ci\u0105gu nale\u017cy do jednych z najmniej religijnych region\u00f3w Polski. Wsp\u00f3\u0142cze\u015bnie Ko\u0142obrzeg posiada lotnisko otwarte dla prywatnych samolot\u00f3w (Bagicz). W dw\u00f3ch wakacyjnych miesi\u0105cach (lipiec, sierpie\u0144) mo\u017cna r\u00f3wnie\u017c pop\u0142yn\u0105\u0107 promem z Ko\u0142obrzegu do Bornholmu. G\u0142\u00f3wnym miastem regionu jest Koszalin, jego geograficzne po\u0142o\u017cenie wynosi: 54\u00b0 11\u2032N 16\u00b010\u2032E.<\/p>\n<p><img decoding=\"async\" loading=\"lazy\" class=\"alignleft wp-image-1648\" src=\"https:\/\/southbaltic-tourist.eu\/wp-content\/uploads\/2019\/07\/8.jpg\" alt=\"\" width=\"589\" height=\"400\" srcset=\"https:\/\/sbt.ug.edu.pl\/wp-content\/uploads\/2019\/07\/8.jpg 685w, https:\/\/sbt.ug.edu.pl\/wp-content\/uploads\/2019\/07\/8-300x204.jpg 300w, https:\/\/sbt.ug.edu.pl\/wp-content\/uploads\/2019\/07\/8-150x102.jpg 150w, https:\/\/sbt.ug.edu.pl\/wp-content\/uploads\/2019\/07\/8-305x207.jpg 305w\" sizes=\"(max-width: 589px) 100vw, 589px\" \/><\/p>\n<p>&nbsp;<\/p>\n<p>&nbsp;<\/p>\n<p>&nbsp;<\/p>\n<p>&nbsp;<\/p>\n<p>&nbsp;<\/p>\n<p>&nbsp;<\/p>\n<p>&nbsp;<\/p>\n<p>&nbsp;<\/p>\n<p>&nbsp;<\/p>\n<p>&nbsp;<\/p>\n<p>&nbsp;<\/p>\n<p><a href=\"https:\/\/southbaltic-tourist.eu\/wp-content\/uploads\/2020\/02\/R4.08-Central-Pomerania.png\" data-rel=\"lightbox-gallery-bnTDU7rT\" data-rl_title=\"\" data-rl_caption=\"\" title=\"\"><img decoding=\"async\" loading=\"lazy\" class=\"alignnone wp-image-5236\" src=\"https:\/\/southbaltic-tourist.eu\/wp-content\/uploads\/2020\/02\/R4.08-Central-Pomerania-300x256.png\" alt=\"\" width=\"469\" height=\"400\" srcset=\"https:\/\/sbt.ug.edu.pl\/wp-content\/uploads\/2020\/02\/R4.08-Central-Pomerania-300x256.png 300w, https:\/\/sbt.ug.edu.pl\/wp-content\/uploads\/2020\/02\/R4.08-Central-Pomerania-1024x874.png 1024w, https:\/\/sbt.ug.edu.pl\/wp-content\/uploads\/2020\/02\/R4.08-Central-Pomerania-768x655.png 768w, https:\/\/sbt.ug.edu.pl\/wp-content\/uploads\/2020\/02\/R4.08-Central-Pomerania-1536x1310.png 1536w, https:\/\/sbt.ug.edu.pl\/wp-content\/uploads\/2020\/02\/R4.08-Central-Pomerania-150x128.png 150w, https:\/\/sbt.ug.edu.pl\/wp-content\/uploads\/2020\/02\/R4.08-Central-Pomerania.png 1600w\" sizes=\"(max-width: 469px) 100vw, 469px\" \/><\/a><\/p>\n<p style=\"text-align: justify;\"><strong>ZWIEDZANIE<\/strong><\/p>\n<p style=\"text-align: justify;\">Mimo, \u017ce Koszalin i Ko\u0142obrzeg \u0142\u0105czy linia kolejowa, to jednak samoch\u00f3d jest najwygodniejszym \u015brodkiem transportu po Pomorzu Centralnym. Wiele atrakcji znajduje si\u0119 bowiem w odleg\u0142o\u015bci 50 km od Koszalina. Najlepsz\u0105 baz\u0105 noclegow\u0105 s\u0105 w regionie Ko\u0142obrzeg i Dar\u0142owo &#8211; popularne, nadmorskie kurorty. Dawne miejsca kultu, takie jak Grzybnica i Tychowo s\u0105 powszechnie dost\u0119pne dla turyst\u00f3w, natomiast \u015bwi\u0119te g\u00f3ry np. Che\u0142mska i Polanowska, kt\u00f3re s\u0105 piel\u0119gnowane przez zakony, mo\u017cna zwiedza\u0107 jedynie w ci\u0105gu dnia. Podobnie jest w przypadku ko\u015bcio\u0142\u00f3w w Koszalinie, Ko\u0142obrzegu i Dar\u0142owie. Decyduj\u0105c si\u0119 na dotarcie do \u015awi\u0119tej G\u00f3ry Polanowskiej nale\u017cy si\u0119 liczy\u0107 z oko\u0142o 10-minutowym spacerem.<\/p>\n<p style=\"text-align: justify;\"><strong>ATRAKCJE<\/strong><\/p>\n<p style=\"text-align: justify;\">W centrum zniszczonego w 1945 r. Koszalina, wsp\u00f3\u0142cze\u015bnie znajduje si\u0119 odrestaurowana, gotycka katedra Niepokalanego Pocz\u0119cia NMP. W \u015brodku katedry jest jednocze\u015bnie nowoczesne wyposa\u017cenie, jak i witra\u017ce z XIX wieku. W\u015br\u00f3d g\u0142\u00f3wnych zabytk\u00f3w miasta znajduje si\u0119 tak\u017ce gotycka kaplica \u015bw. Gertrudy (wsp\u00f3\u0142czesna kaplica ewangelicka), zbudowana na planie o\u015bmiok\u0105ta, oraz dawny ko\u015bci\u00f3\u0142 zamkowy Cysters\u00f3w. Koszali\u0144scy Cystersi przez wiele lat opiekowali si\u0119 G\u00f3r\u0105 Che\u0142msk\u0105, miejscem uwa\u017canym przez Pomorzan za \u015bwi\u0119te. Obecnie na G\u00f3rze znajduje si\u0119 Sanktuarium Matki Bo\u017cej Trzykro\u0107 Przedziwnej Si\u00f3str Szensztackich. Z kolei w Dar\u0142owie, oddalonym od Koszalina o 40 km, zlokalizowany jest wspania\u0142y, gotycki ko\u015bci\u00f3\u0142 Mariacki, nekropolia ksi\u0105\u017c\u0105t pomorskich oraz ko\u015bci\u00f3\u0142 \u015bw. Gertrudy zbudowany na planie o\u015bmiok\u0105ta. We wn\u0119trzu obu \u015bwi\u0105ty\u0144 podziwia\u0107 mo\u017cna barokowe meble. Kolejnym przystankiem na tej\u017ce trasie jest po\u0142o\u017cony w odleg\u0142o\u015bci 30 km od Koszalina Polan\u00f3w, kt\u00f3ry znany jest z miejsca dawnego kultu religijnego -\u015awi\u0119tej G\u00f3ry oraz Sanktuarium Mariackiego, b\u0119d\u0105cego obecnie siedzib\u0105 ojc\u00f3w franciszkan\u00f3w. W tym miejscu stworzyli oni pustelni\u0119 i Sanktuarium Matki Bo\u017cej Bramy Niebios. Ciekaw\u0105 atrakcj\u0105 jest r\u00f3wnie\u017c najobszerniejszy na Pomorzu kompleks kamiennych kr\u0119g\u00f3w znajduj\u0105cy si\u0119 nieopodal miejscowo\u015bci Grzybnica. Zbudowany zosta\u0142 przez Got\u00f3w w I-III w. i podobnie jak Kamie\u0144 Tryg\u0142aw w Tychowie (najwi\u0119kszy g\u0142az narzutowy w Polsce) uwa\u017cany by\u0142 za miejsce \u015bwi\u0119te. Z kolei w popularnym kurorcie, jakim jest Ko\u0142obrzeg warto zobaczy\u0107 pot\u0119\u017cn\u0105 i bogato wyposa\u017con\u0105, odnowion\u0105 po wojennych zniszczeniach bazylik\u0119 Mariack\u0105.<\/p>\n<p><code><div class=\"rl-gallery-container rl-loading\" id=\"rl-gallery-container-2\" data-gallery_id=\"4584\"> <div class=\"rl-gallery rl-basicgrid-gallery \" id=\"rl-gallery-2\" data-gallery_no=\"2\"> <div class=\"rl-gallery-item\"><a href=\"https:\/\/sbt.ug.edu.pl\/wp-content\/uploads\/2019\/08\/Chelmska_P1100290.jpg\" title=\"Sanctuary of the Mother of God Thrush for Strangeness; author: Jaros\u0142aw Ellwart \/ Wydawnictwo REGION \/ BHR\" data-rl_title=\"Sanctuary of the Mother of God Thrush for Strangeness; author: Jaros\u0142aw Ellwart \/ Wydawnictwo REGION \/ BHR\" class=\"rl-gallery-link\" data-rl_caption=\"\" data-rel=\"lightbox-gallery-2\"><img src=\"https:\/\/sbt.ug.edu.pl\/wp-content\/uploads\/2019\/08\/Chelmska_P1100290-768x576.jpg\" width=\"640\" height=\"480\" alt=\"\" \/><\/a><\/div><div class=\"rl-gallery-item\"><a href=\"https:\/\/sbt.ug.edu.pl\/wp-content\/uploads\/2019\/08\/Chelmska_P1100293-e1566300788820.jpg\" title=\"Traces of a Romanesque chapel on Che\u0142mska Hill; author: Jaros\u0142aw Ellwart \/ Wydawnictwo REGION \/ BHR\" data-rl_title=\"Traces of a Romanesque chapel on Che\u0142mska Hill; author: Jaros\u0142aw Ellwart \/ Wydawnictwo REGION \/ BHR\" class=\"rl-gallery-link\" data-rl_caption=\"\" data-rel=\"lightbox-gallery-2\"><img src=\"https:\/\/sbt.ug.edu.pl\/wp-content\/uploads\/2019\/08\/Chelmska_P1100293-e1566300788820-768x1024.jpg\" width=\"640\" height=\"853\" alt=\"\" \/><\/a><\/div><div class=\"rl-gallery-item\"><a href=\"https:\/\/sbt.ug.edu.pl\/wp-content\/uploads\/2019\/08\/Chelmska_P1100297.jpg\" title=\"Interior of the Chapel of the Holy Mother of Schoenstatt; author: Jaros\u0142aw Ellwart \/ Wydawnictwo REGION \/ BHR\" data-rl_title=\"Interior of the Chapel of the Holy Mother of Schoenstatt; author: Jaros\u0142aw Ellwart \/ Wydawnictwo REGION \/ BHR\" class=\"rl-gallery-link\" data-rl_caption=\"\" data-rel=\"lightbox-gallery-2\"><img src=\"https:\/\/sbt.ug.edu.pl\/wp-content\/uploads\/2019\/08\/Chelmska_P1100297-768x576.jpg\" width=\"640\" height=\"480\" alt=\"\" \/><\/a><\/div><div class=\"rl-gallery-item\"><a href=\"https:\/\/sbt.ug.edu.pl\/wp-content\/uploads\/2019\/08\/Darlowo_844.jpg\" title=\"The main nave in the St. Mary&#039;s church; author: Jaros\u0142aw Ellwart \/ Wydawnictwo REGION \/ BHR\" data-rl_title=\"The main nave in the St. Mary&#039;s church; author: Jaros\u0142aw Ellwart \/ Wydawnictwo REGION \/ BHR\" class=\"rl-gallery-link\" data-rl_caption=\"\" data-rel=\"lightbox-gallery-2\"><img src=\"https:\/\/sbt.ug.edu.pl\/wp-content\/uploads\/2019\/08\/Darlowo_844-768x1024.jpg\" width=\"640\" height=\"853\" alt=\"\" \/><\/a><\/div><div class=\"rl-gallery-item\"><a href=\"https:\/\/sbt.ug.edu.pl\/wp-content\/uploads\/2019\/08\/Darlowo_5632.jpg\" title=\"Church of St. Gertrude; author: Jaros\u0142aw Ellwart \/ Wydawnictwo REGION \/ BHR\" data-rl_title=\"Church of St. Gertrude; author: Jaros\u0142aw Ellwart \/ Wydawnictwo REGION \/ BHR\" class=\"rl-gallery-link\" data-rl_caption=\"\" data-rel=\"lightbox-gallery-2\"><img src=\"https:\/\/sbt.ug.edu.pl\/wp-content\/uploads\/2019\/08\/Darlowo_5632-768x1152.jpg\" width=\"640\" height=\"960\" alt=\"\" \/><\/a><\/div><div class=\"rl-gallery-item\"><a href=\"https:\/\/sbt.ug.edu.pl\/wp-content\/uploads\/2019\/08\/Darlowo_5823.jpg\" title=\"St. Mary&#039;s Church; author: Jaros\u0142aw Ellwart \/ Wydawnictwo REGION\/ BHR\" data-rl_title=\"St. Mary&#039;s Church; author: Jaros\u0142aw Ellwart \/ Wydawnictwo REGION\/ BHR\" class=\"rl-gallery-link\" data-rl_caption=\"\" data-rel=\"lightbox-gallery-2\"><img src=\"https:\/\/sbt.ug.edu.pl\/wp-content\/uploads\/2019\/08\/Darlowo_5823-768x1024.jpg\" width=\"640\" height=\"853\" alt=\"\" \/><\/a><\/div><div class=\"rl-gallery-item\"><a href=\"https:\/\/sbt.ug.edu.pl\/wp-content\/uploads\/2019\/08\/Darlowo_7179.jpg\" title=\"The altar and interior of the church of St. Gertrude; author: Jaros\u0142aw Ellwart \/ Wydawnictwo REGION\/BHR;\" data-rl_title=\"The altar and interior of the church of St. Gertrude; author: Jaros\u0142aw Ellwart \/ Wydawnictwo REGION\/BHR;\" class=\"rl-gallery-link\" data-rl_caption=\"\" data-rel=\"lightbox-gallery-2\"><img src=\"https:\/\/sbt.ug.edu.pl\/wp-content\/uploads\/2019\/08\/Darlowo_7179-768x576.jpg\" width=\"640\" height=\"480\" alt=\"\" \/><\/a><\/div><div class=\"rl-gallery-item\"><a href=\"https:\/\/sbt.ug.edu.pl\/wp-content\/uploads\/2019\/08\/grzybnica_IMG_8911-e1566300736327.jpg\" title=\"A fragment of a Gothic cemetery in Grzybnica; author: Jaros\u0142aw Ellwart \/ Wydawnictwo REGION \/ BHR\" data-rl_title=\"A fragment of a Gothic cemetery in Grzybnica; author: Jaros\u0142aw Ellwart \/ Wydawnictwo REGION \/ BHR\" class=\"rl-gallery-link\" data-rl_caption=\"\" data-rel=\"lightbox-gallery-2\"><img src=\"https:\/\/sbt.ug.edu.pl\/wp-content\/uploads\/2019\/08\/grzybnica_IMG_8911-e1566300736327-768x1152.jpg\" width=\"640\" height=\"960\" alt=\"\" \/><\/a><\/div><div class=\"rl-gallery-item\"><a href=\"https:\/\/sbt.ug.edu.pl\/wp-content\/uploads\/2019\/08\/Grzybnica_IMG_8919.jpg\" title=\"One of the stone circles of the Goths; author: Jaros\u0142aw Ellwart \/ Wydawnictwo REGION \/ BHR\" data-rl_title=\"One of the stone circles of the Goths; author: Jaros\u0142aw Ellwart \/ Wydawnictwo REGION \/ BHR\" class=\"rl-gallery-link\" data-rl_caption=\"\" data-rel=\"lightbox-gallery-2\"><img src=\"https:\/\/sbt.ug.edu.pl\/wp-content\/uploads\/2019\/08\/Grzybnica_IMG_8919-768x512.jpg\" width=\"640\" height=\"427\" alt=\"\" \/><\/a><\/div><div class=\"rl-gallery-item\"><a href=\"https:\/\/sbt.ug.edu.pl\/wp-content\/uploads\/2019\/08\/Kolobrzeg_1320.jpg\" title=\"The southern nave of the cathedral in Ko\u0142obrzeg; author: Jaros\u0142aw Ellwart \/ Wydawnictwo REGION \/ BHR\" data-rl_title=\"The southern nave of the cathedral in Ko\u0142obrzeg; author: Jaros\u0142aw Ellwart \/ Wydawnictwo REGION \/ BHR\" class=\"rl-gallery-link\" data-rl_caption=\"\" data-rel=\"lightbox-gallery-2\"><img src=\"https:\/\/sbt.ug.edu.pl\/wp-content\/uploads\/2019\/08\/Kolobrzeg_1320-768x1024.jpg\" width=\"640\" height=\"853\" alt=\"\" \/><\/a><\/div><div class=\"rl-gallery-item\"><a href=\"https:\/\/sbt.ug.edu.pl\/wp-content\/uploads\/2019\/08\/Koszalin_3642.jpg\" title=\"Presbytery of St. Mary&#039;s Church in Koszalin; author: Jaros\u0142aw Ellwart \/ Wydawnictwo REGION \/ BHR\" data-rl_title=\"Presbytery of St. Mary&#039;s Church in Koszalin; author: Jaros\u0142aw Ellwart \/ Wydawnictwo REGION \/ BHR\" class=\"rl-gallery-link\" data-rl_caption=\"\" data-rel=\"lightbox-gallery-2\"><img src=\"https:\/\/sbt.ug.edu.pl\/wp-content\/uploads\/2019\/08\/Koszalin_3642-768x1024.jpg\" width=\"640\" height=\"853\" alt=\"\" \/><\/a><\/div><div class=\"rl-gallery-item\"><a href=\"https:\/\/sbt.ug.edu.pl\/wp-content\/uploads\/2019\/08\/Koszalin_P1100207.jpg\" title=\"Monument of John Paul II and the cathedral in Koszalin; author: Jaros\u0142aw Ellwart \/ Wydawnictwo REGION \/ BHR\" data-rl_title=\"Monument of John Paul II and the cathedral in Koszalin; author: Jaros\u0142aw Ellwart \/ Wydawnictwo REGION \/ BHR\" class=\"rl-gallery-link\" data-rl_caption=\"\" data-rel=\"lightbox-gallery-2\"><img src=\"https:\/\/sbt.ug.edu.pl\/wp-content\/uploads\/2019\/08\/Koszalin_P1100207-768x576.jpg\" width=\"640\" height=\"480\" alt=\"\" \/><\/a><\/div><div class=\"rl-gallery-item\"><a href=\"https:\/\/sbt.ug.edu.pl\/wp-content\/uploads\/2019\/08\/Polanow_IMG_5101.jpg\" title=\"Chapel on the Holy Hill of Polanow; author: Jaros\u0142aw Ellwart \/ Wydawnictwo REGION \/ BHR\" data-rl_title=\"Chapel on the Holy Hill of Polanow; author: Jaros\u0142aw Ellwart \/ Wydawnictwo REGION \/ BHR\" class=\"rl-gallery-link\" data-rl_caption=\"\" data-rel=\"lightbox-gallery-2\"><img src=\"https:\/\/sbt.ug.edu.pl\/wp-content\/uploads\/2019\/08\/Polanow_IMG_5101-768x512.jpg\" width=\"640\" height=\"427\" alt=\"\" \/><\/a><\/div><div class=\"rl-gallery-item\"><a href=\"https:\/\/sbt.ug.edu.pl\/wp-content\/uploads\/2019\/08\/Polanow_IMG_5105-e1566301082580.jpg\" title=\"The interior of the chapel; author: Jaros\u0142aw Ellwart \/ Wydawnictwo REGION \/ BHR\" data-rl_title=\"The interior of the chapel; author: Jaros\u0142aw Ellwart \/ Wydawnictwo REGION \/ BHR\" class=\"rl-gallery-link\" data-rl_caption=\"\" data-rel=\"lightbox-gallery-2\"><img src=\"https:\/\/sbt.ug.edu.pl\/wp-content\/uploads\/2019\/08\/Polanow_IMG_5105-e1566301082580-768x1152.jpg\" width=\"640\" height=\"960\" alt=\"\" \/><\/a><\/div><div class=\"rl-gallery-item\"><a href=\"https:\/\/sbt.ug.edu.pl\/wp-content\/uploads\/2019\/08\/Polanow_P1090911.jpg\" title=\"Relics of the medieval pilgrimage church; author: Jaros\u0142aw Ellwart \/ Wydawnictwo REGION \/ BHR\" data-rl_title=\"Relics of the medieval pilgrimage church; author: Jaros\u0142aw Ellwart \/ Wydawnictwo REGION \/ BHR\" class=\"rl-gallery-link\" data-rl_caption=\"\" data-rel=\"lightbox-gallery-2\"><img src=\"https:\/\/sbt.ug.edu.pl\/wp-content\/uploads\/2019\/08\/Polanow_P1090911-768x576.jpg\" width=\"640\" height=\"480\" alt=\"\" \/><\/a><\/div><div class=\"rl-gallery-item\"><a href=\"https:\/\/sbt.ug.edu.pl\/wp-content\/uploads\/2019\/08\/Tychowo_IMG_2303.jpg\" title=\"Triglavs Stone; author: Jaros\u0142aw Ellwart \/ Wydawnictwo REGION \/ BHR\" data-rl_title=\"Triglavs Stone; author: Jaros\u0142aw Ellwart \/ Wydawnictwo REGION \/ BHR\" class=\"rl-gallery-link\" data-rl_caption=\"\" data-rel=\"lightbox-gallery-2\"><img src=\"https:\/\/sbt.ug.edu.pl\/wp-content\/uploads\/2019\/08\/Tychowo_IMG_2303-768x512.jpg\" width=\"640\" height=\"427\" alt=\"\" \/><\/a><\/div><div class=\"rl-gallery-item\"><a href=\"https:\/\/sbt.ug.edu.pl\/wp-content\/uploads\/2019\/08\/Kolbrzeg_P1050796.jpg\" title=\"St. Mary&#039;s Church in Ko\u0142obrzeg; author: Jaros\u0142aw Ellwart \/ Wydawnictwo REGION \/ BHR\" data-rl_title=\"St. Mary&#039;s Church in Ko\u0142obrzeg; author: Jaros\u0142aw Ellwart \/ Wydawnictwo REGION \/ BHR\" class=\"rl-gallery-link\" data-rl_caption=\"\" data-rel=\"lightbox-gallery-2\"><img src=\"https:\/\/sbt.ug.edu.pl\/wp-content\/uploads\/2019\/08\/Kolbrzeg_P1050796-768x1024.jpg\" width=\"640\" height=\"853\" alt=\"\" \/><\/a><\/div> <\/div> <\/div><\/code><\/p>","protected":false},"excerpt":{"rendered":"<p>LOKALIZACJA Ko\u0142obrzeg to miasto, w kt\u00f3rym w 1000 r.\u00a0 z inicjatywy ksi\u0119cia Boles\u0142awa Chrobrego i cesarza Ottona III, w celu chrystianizacji ziem Pomorza utworzono pierwsze misyjne biskupstwo. Jednak wiara poga\u0144ska by\u0142a w\u00f3wczas zbyt silnie zakorzeniona w miejscowej ludno\u015bci i biskupstwo szybko zosta\u0142o zlikwidowane. Pomorskie ziemie przyj\u0119\u0142y chrzest dopiero w po\u0142owie XII wieku z r\u0105k \u015bw. [&hellip;]<\/p>\n","protected":false},"author":3,"featured_media":0,"parent":482,"menu_order":0,"comment_status":"closed","ping_status":"closed","template":"","meta":[],"categories":[34,27,15],"tags":[],"_links":{"self":[{"href":"https:\/\/sbt.ug.edu.pl\/pl\/wp-json\/wp\/v2\/pages\/1647"}],"collection":[{"href":"https:\/\/sbt.ug.edu.pl\/pl\/wp-json\/wp\/v2\/pages"}],"about":[{"href":"https:\/\/sbt.ug.edu.pl\/pl\/wp-json\/wp\/v2\/types\/page"}],"author":[{"embeddable":true,"href":"https:\/\/sbt.ug.edu.pl\/pl\/wp-json\/wp\/v2\/users\/3"}],"replies":[{"embeddable":true,"href":"https:\/\/sbt.ug.edu.pl\/pl\/wp-json\/wp\/v2\/comments?post=1647"}],"version-history":[{"count":8,"href":"https:\/\/sbt.ug.edu.pl\/pl\/wp-json\/wp\/v2\/pages\/1647\/revisions"}],"predecessor-version":[{"id":5878,"href":"https:\/\/sbt.ug.edu.pl\/pl\/wp-json\/wp\/v2\/pages\/1647\/revisions\/5878"}],"up":[{"embeddable":true,"href":"https:\/\/sbt.ug.edu.pl\/pl\/wp-json\/wp\/v2\/pages\/482"}],"wp:attachment":[{"href":"https:\/\/sbt.ug.edu.pl\/pl\/wp-json\/wp\/v2\/media?parent=1647"}],"wp:term":[{"taxonomy":"category","embeddable":true,"href":"https:\/\/sbt.ug.edu.pl\/pl\/wp-json\/wp\/v2\/categories?post=1647"},{"taxonomy":"post_tag","embeddable":true,"href":"https:\/\/sbt.ug.edu.pl\/pl\/wp-json\/wp\/v2\/tags?post=1647"}],"curies":[{"name":"wp","href":"https:\/\/api.w.org\/{rel}","templated":true}]}}